{"id":1130285,"date":"2023-01-17T13:12:04","date_gmt":"2023-01-17T12:12:04","guid":{"rendered":"https:\/\/www.foodie.nl\/nachtrust\/"},"modified":"2025-08-22T16:51:34","modified_gmt":"2025-08-22T14:51:34","slug":"sommeil","status":"publish","type":"page","link":"https:\/\/www.foodie.nl\/fr\/besoins-de-sante\/sommeil\/","title":{"rendered":"Sommeil"},"content":{"rendered":"<div class=\"gb-container gb-container-79645e14 px-fd-container-position\">\n<div class=\"gb-container gb-container-c41ca6f4 px-fd-image-position\"><\/div>\n\n<div class=\"gb-container gb-container-3acdfa3b\">\n<div class=\"gb-container gb-container-aeab2b04 gb-container-full-width-container-content\">\n<div class=\"gb-container gb-container-73215247\">\n\n<h2 class=\"gb-headline gb-headline-a85e246e gb-headline-text\">Sommeil<\/h2>\n\n\n\n<p class=\"has-medium-font-size\" style=\"font-style:normal;font-weight:600\">Un bon sommeil est l&rsquo;un des piliers les plus importants d&rsquo;un mode de vie sain.<\/p>\n\n\n\n<p style=\"font-style:normal;font-weight:500\">Un manque de sommeil prolong\u00e9 peut, \u00e0 long terme, augmenter le risque de maladies telles que les maladies cardiovasculaires, la d\u00e9pression, la maladie d&rsquo;Alzheimer et le surpoids.<\/p>\n\n\n\n<p>Et ce n&rsquo;est pas tout. \u00c0 court terme, le manque de sommeil entra\u00eene \u00e9galement des probl\u00e8mes de concentration et d&rsquo;humeur.<\/p>\n\n\n\n<p style=\"font-style:normal;font-weight:500\">Il existe plusieurs fa\u00e7ons d&rsquo;am\u00e9liorer votre sommeil. Pour vous aider \u00e0 tirer le meilleur parti de votre repos, nous avons d\u00e9velopp\u00e9 un e-book intitul\u00e9 \u00ab\u00a0Dormir Comme un B\u00e9b\u00e9\u00a0\u00bb.<\/p>\n\n<\/div>\n<\/div>\n<\/div>\n<\/div>\n\n<div class=\"gb-container gb-container-e723cd3e gb-container-full-width-container\">\n<div class=\"gb-container gb-container-1fe60ec5 gb-container-full-width-container-content\">\n<div class=\"gb-container gb-container-87498b45\">\n\n<figure class=\"gb-block-image gb-block-image-5cc0f1b7\"><img decoding=\"async\" width=\"150\" height=\"150\" class=\"gb-image gb-image-5cc0f1b7\" src=\"https:\/\/www.foodie.nl\/app\/uploads\/\/Beter-slapen-150x150.png\" alt=\"\" title=\"Beter slapen\" srcset=\"https:\/\/www.foodie.nl\/app\/uploads\/Beter-slapen-150x150.png 150w, https:\/\/www.foodie.nl\/app\/uploads\/Beter-slapen.png 300w, https:\/\/www.foodie.nl\/app\/uploads\/Beter-slapen-100x100.png 100w\" sizes=\"(max-width: 150px) 100vw, 150px\" \/><\/figure>\n\n<\/div>\n\n<div class=\"gb-container gb-container-ab06424e\">\n\n<h1 class=\"wp-block-heading has-text-align-center\">Levez-vous plus repos\u00e9 gr\u00e2ce aux bons compl\u00e9ments alimentaires.<\/h1>\n\n<\/div>\n<\/div>\n<\/div>\n\n<div class=\"gb-container gb-container-f9d4ea5a gb-container-full-width-container\">\n<div class=\"gb-container gb-container-f1dd762e gb-container-full-width-container-content\"><\/div>\n<\/div>\n\n<div class=\"gb-container gb-container-10408376 gb-container-full-width-container\">\n<div class=\"gb-container gb-container-ca396bed gb-container-full-width-container-content\">\n<div class=\"gb-grid-wrapper gb-grid-wrapper-4b8f4847\">\n<div class=\"gb-grid-column gb-grid-column-eec578d7\"><div class=\"gb-container gb-container-eec578d7\">\n<div class=\"gb-container gb-container-10136db5 px-fd-single-product-transition\"><a class=\"gb-container-link\" href=\"https:\/\/www.foodie.nl\/fr\/product-categorie\/magnesium-boost\/\"><\/a>\n\n<figure class=\"gb-block-image gb-block-image-8b4cde15\"><img decoding=\"async\" width=\"2400\" height=\"2400\" class=\"gb-image gb-image-8b4cde15\" src=\"https:\/\/www.foodie.nl\/app\/uploads\/2025\/06\/Magnesium-Boost-1-pack.png\" alt=\"\" title=\"Magnesium Boost 1-pack\" srcset=\"https:\/\/www.foodie.nl\/app\/uploads\/2025\/06\/Magnesium-Boost-1-pack.png 2400w, https:\/\/www.foodie.nl\/app\/uploads\/2025\/06\/Magnesium-Boost-1-pack-300x300.png 300w, https:\/\/www.foodie.nl\/app\/uploads\/2025\/06\/Magnesium-Boost-1-pack-1024x1024.png 1024w, https:\/\/www.foodie.nl\/app\/uploads\/2025\/06\/Magnesium-Boost-1-pack-150x150.png 150w, https:\/\/www.foodie.nl\/app\/uploads\/2025\/06\/Magnesium-Boost-1-pack-768x768.png 768w, https:\/\/www.foodie.nl\/app\/uploads\/2025\/06\/Magnesium-Boost-1-pack-1536x1536.png 1536w, https:\/\/www.foodie.nl\/app\/uploads\/2025\/06\/Magnesium-Boost-1-pack-2048x2048.png 2048w, https:\/\/www.foodie.nl\/app\/uploads\/2025\/06\/Magnesium-Boost-1-pack-510x510.png 510w, https:\/\/www.foodie.nl\/app\/uploads\/2025\/06\/Magnesium-Boost-1-pack-100x100.png 100w\" sizes=\"(max-width: 2400px) 100vw, 2400px\" \/><\/figure>\n\n<\/div>\n\n<div class=\"gb-container gb-container-04231e21\">\n\n<h3 class=\"gb-headline gb-headline-8dd6dd62 gb-headline-text\">Magn\u00e9sium Boost<\/h3>\n\n\n\n<p>Le magn\u00e9sium est le min\u00e9ral apaisant par excellence.<\/p>\n\n\n\n<p>Il soutient la r\u00e9sistance au stress et aide \u00e9galement \u00e0 d\u00e9tendre les muscles.<\/p>\n\n\n\n<p>Ainsi, il peut vous aider \u00e0 vous coucher le soir sans tension.<\/p>\n\n\n\n<a class=\"gb-button gb-button-e9d266ff gb-button-primary-button\" href=\"https:\/\/www.foodie.nl\/fr\/product-categorie\/magnesium-boost\/\"><span class=\"gb-button-text\">Plus d&rsquo;informations<\/span><span class=\"gb-icon\"><svg xmlns=\"http:\/\/www.w3.org\/2000\/svg\" viewBox=\"0 0 512 512\" height=\"1em\"><path d=\"M505 273c9.4-9.4 9.4-24.6 0-33.9L369 103c-9.4-9.4-24.6-9.4-33.9 0s-9.4 24.6 0 33.9l95 95L24 232c-13.3 0-24 10.7-24 24s10.7 24 24 24l406.1 0-95 95c-9.4 9.4-9.4 24.6 0 33.9s24.6 9.4 33.9 0L505 273z\"><\/path><\/svg><\/span><\/a>\n\n<\/div>\n<\/div><\/div>\n\n<div class=\"gb-grid-column gb-grid-column-4196c9ea\"><div class=\"gb-container gb-container-4196c9ea\">\n<div class=\"gb-container gb-container-20f3af07 px-fd-single-product-transition\"><a class=\"gb-container-link\" href=\"https:\/\/www.foodie.nl\/fr\/product-categorie\/ultimate-ashwagandha\/\"><\/a>\n\n<figure class=\"gb-block-image gb-block-image-76807ea8\"><img decoding=\"async\" width=\"800\" height=\"800\" class=\"gb-image gb-image-76807ea8\" src=\"https:\/\/www.foodie.nl\/app\/uploads\/2024\/09\/Franse-producten-17.png\" alt=\"\" title=\"Franse producten (17)\" srcset=\"https:\/\/www.foodie.nl\/app\/uploads\/2024\/09\/Franse-producten-17.png 800w, https:\/\/www.foodie.nl\/app\/uploads\/2024\/09\/Franse-producten-17-300x300.png 300w, https:\/\/www.foodie.nl\/app\/uploads\/2024\/09\/Franse-producten-17-150x150.png 150w, https:\/\/www.foodie.nl\/app\/uploads\/2024\/09\/Franse-producten-17-768x768.png 768w, https:\/\/www.foodie.nl\/app\/uploads\/2024\/09\/Franse-producten-17-510x510.png 510w, https:\/\/www.foodie.nl\/app\/uploads\/2024\/09\/Franse-producten-17-100x100.png 100w\" sizes=\"(max-width: 800px) 100vw, 800px\" \/><\/figure>\n\n<\/div>\n\n<div class=\"gb-container gb-container-74e7b28b\">\n\n<h3 class=\"gb-headline gb-headline-a77e0d89 gb-headline-text\">Ultimate Ashwagandha<\/h3>\n\n\n\n<p>Saviez-vous que le nom latin de l&rsquo;ashwagandha,&nbsp;<strong>Withania somnifera<\/strong>, signifie litt\u00e9ralement \u00ab\u00a0qui induit le sommeil\u00a0\u00bb ?<\/p>\n\n\n\n<p>Depuis toujours, l&rsquo;ashwagandha est utilis\u00e9 comme une herbe apaisante qui aide \u00e0 se d\u00e9tendre.<\/p>\n\n\n\n<p>De plus, elle est b\u00e9n\u00e9fique pour la r\u00e9sistance au stress.*<\/p>\n\n\n\n<a class=\"gb-button gb-button-60ad32e4 gb-button-primary-button\" href=\"https:\/\/www.foodie.nl\/fr\/product-categorie\/ultimate-ashwagandha\/\"><span class=\"gb-button-text\">Plus d&rsquo;informations<\/span><span class=\"gb-icon\"><svg xmlns=\"http:\/\/www.w3.org\/2000\/svg\" viewBox=\"0 0 512 512\" height=\"1em\"><path d=\"M505 273c9.4-9.4 9.4-24.6 0-33.9L369 103c-9.4-9.4-24.6-9.4-33.9 0s-9.4 24.6 0 33.9l95 95L24 232c-13.3 0-24 10.7-24 24s10.7 24 24 24l406.1 0-95 95c-9.4 9.4-9.4 24.6 0 33.9s24.6 9.4 33.9 0L505 273z\"><\/path><\/svg><\/span><\/a>\n\n<\/div>\n<\/div><\/div>\n\n<div class=\"gb-grid-column gb-grid-column-f83f5e9b\"><div class=\"gb-container gb-container-f83f5e9b\">\n<div class=\"gb-container gb-container-8618e61f px-fd-single-product-transition\"><a class=\"gb-container-link\" href=\"https:\/\/www.foodie.nl\/fr\/product-categorie\/vitamine-d3-boost\/\"><\/a>\n\n<figure class=\"gb-block-image gb-block-image-dd3c4714\"><img decoding=\"async\" width=\"2400\" height=\"2400\" class=\"gb-image gb-image-dd3c4714\" src=\"https:\/\/www.foodie.nl\/app\/uploads\/2020\/10\/Vitamine-D3-Boost-1-pack.png\" alt=\"\" title=\"Vitamine D3 Boost 1-pack\" srcset=\"https:\/\/www.foodie.nl\/app\/uploads\/2020\/10\/Vitamine-D3-Boost-1-pack.png 2400w, https:\/\/www.foodie.nl\/app\/uploads\/2020\/10\/Vitamine-D3-Boost-1-pack-300x300.png 300w, https:\/\/www.foodie.nl\/app\/uploads\/2020\/10\/Vitamine-D3-Boost-1-pack-1024x1024.png 1024w, https:\/\/www.foodie.nl\/app\/uploads\/2020\/10\/Vitamine-D3-Boost-1-pack-150x150.png 150w, https:\/\/www.foodie.nl\/app\/uploads\/2020\/10\/Vitamine-D3-Boost-1-pack-768x768.png 768w, https:\/\/www.foodie.nl\/app\/uploads\/2020\/10\/Vitamine-D3-Boost-1-pack-1536x1536.png 1536w, https:\/\/www.foodie.nl\/app\/uploads\/2020\/10\/Vitamine-D3-Boost-1-pack-2048x2048.png 2048w, https:\/\/www.foodie.nl\/app\/uploads\/2020\/10\/Vitamine-D3-Boost-1-pack-510x510.png 510w, https:\/\/www.foodie.nl\/app\/uploads\/2020\/10\/Vitamine-D3-Boost-1-pack-100x100.png 100w\" sizes=\"(max-width: 2400px) 100vw, 2400px\" \/><\/figure>\n\n<\/div>\n\n<div class=\"gb-container gb-container-ae57d153\">\n\n<h3 class=\"gb-headline gb-headline-0189c4b1 gb-headline-text\">Vitamine D3 Boost<\/h3>\n\n\n\n<p>La vitamine D, \u00e9galement connue sous le nom de vitamine du soleil, est produite par la peau lorsqu&rsquo;elle est expos\u00e9e \u00e0 la lumi\u00e8re du soleil.<\/p>\n\n\n\n<p>Il ne vous surprendra donc pas que la vitamine D soit impliqu\u00e9e dans la r\u00e9gulation de la m\u00e9latonine, l&rsquo;hormone du sommeil qui r\u00e9gule votre rythme jour-nuit.<\/p>\n\n\n\n<a class=\"gb-button gb-button-89a69b65 gb-button-primary-button\" href=\"https:\/\/www.foodie.nl\/fr\/product-categorie\/vitamine-d3-boost\/\"><span class=\"gb-button-text\">Plus d&rsquo;informations<\/span><span class=\"gb-icon\"><svg xmlns=\"http:\/\/www.w3.org\/2000\/svg\" viewBox=\"0 0 512 512\" height=\"1em\"><path d=\"M505 273c9.4-9.4 9.4-24.6 0-33.9L369 103c-9.4-9.4-24.6-9.4-33.9 0s-9.4 24.6 0 33.9l95 95L24 232c-13.3 0-24 10.7-24 24s10.7 24 24 24l406.1 0-95 95c-9.4 9.4-9.4 24.6 0 33.9s24.6 9.4 33.9 0L505 273z\"><\/path><\/svg><\/span><\/a>\n\n<\/div>\n<\/div><\/div>\n<\/div>\n<\/div>\n<\/div>","protected":false},"excerpt":{"rendered":"<p>Sommeil Un bon sommeil est l&rsquo;un des piliers les plus importants d&rsquo;un mode de vie sain. Un manque de sommeil prolong\u00e9 peut, \u00e0 long terme, augmenter le risque de maladies &#8230; <\/p>\n<p class=\"read-more-container\"><a title=\"Sommeil\" class=\"read-more button\" href=\"https:\/\/www.foodie.nl\/fr\/besoins-de-sante\/sommeil\/#more-1130285\" aria-label=\"En savoir plus sur Sommeil\">Read more<\/a><\/p>\n","protected":false},"author":8822,"featured_media":0,"parent":1135537,"menu_order":0,"comment_status":"closed","ping_status":"closed","template":"","meta":{"_acf_changed":false,"om_disable_all_campaigns":false,"footnotes":""},"class_list":["post-1130285","page","type-page","status-publish"],"acf":[],"yoast_head":"<!-- This site is optimized with the Yoast SEO plugin v27.4 - https:\/\/yoast.com\/product\/yoast-seo-wordpress\/ -->\n<title>Sommeil - Foodie<\/title>\n<meta name=\"description\" content=\"Sommeil Un bon sommeil est l&#039;un des piliers les plus importants d&#039;un mode de vie sain. Un manque de sommeil prolong\u00e9 peut, \u00e0 long terme, augmenter le\" \/>\n<meta name=\"robots\" content=\"index, follow, max-snippet:-1, max-image-preview:large, max-video-preview:-1\" \/>\n<link rel=\"canonical\" href=\"https:\/\/www.foodie.nl\/fr\/besoins-de-sante\/sommeil\/\" \/>\n<meta property=\"og:locale\" content=\"fr_FR\" \/>\n<meta property=\"og:type\" content=\"article\" \/>\n<meta property=\"og:title\" content=\"Sommeil - Foodie\" \/>\n<meta property=\"og:description\" content=\"Sommeil Un bon sommeil est l&#039;un des piliers les plus importants d&#039;un mode de vie sain. Un manque de sommeil prolong\u00e9 peut, \u00e0 long terme, augmenter le\" \/>\n<meta property=\"og:url\" content=\"https:\/\/www.foodie.nl\/fr\/besoins-de-sante\/sommeil\/\" \/>\n<meta property=\"og:site_name\" content=\"Foodie\" \/>\n<meta property=\"article:modified_time\" content=\"2025-08-22T14:51:34+00:00\" \/>\n<meta property=\"og:image\" content=\"https:\/\/www.foodie.nl\/app\/uploads\/\/Beter-slapen-150x150.png\" \/>\n<meta name=\"twitter:card\" content=\"summary_large_image\" \/>\n<meta name=\"twitter:label1\" content=\"Dur\u00e9e de lecture estim\u00e9e\" \/>\n\t<meta name=\"twitter:data1\" content=\"2 minutes\" \/>\n<script type=\"application\/ld+json\" class=\"yoast-schema-graph\">{\"@context\":\"https:\\\/\\\/schema.org\",\"@graph\":[{\"@type\":\"WebPage\",\"@id\":\"https:\\\/\\\/www.foodie.nl\\\/fr\\\/besoins-de-sante\\\/sommeil\\\/\",\"url\":\"https:\\\/\\\/www.foodie.nl\\\/fr\\\/besoins-de-sante\\\/sommeil\\\/\",\"name\":\"Sommeil - Foodie\",\"isPartOf\":{\"@id\":\"https:\\\/\\\/www.foodie.nl\\\/fr\\\/#website\"},\"primaryImageOfPage\":{\"@id\":\"https:\\\/\\\/www.foodie.nl\\\/fr\\\/besoins-de-sante\\\/sommeil\\\/#primaryimage\"},\"image\":{\"@id\":\"https:\\\/\\\/www.foodie.nl\\\/fr\\\/besoins-de-sante\\\/sommeil\\\/#primaryimage\"},\"thumbnailUrl\":\"https:\\\/\\\/www.foodie.nl\\\/app\\\/uploads\\\/\\\/Beter-slapen-150x150.png\",\"datePublished\":\"2023-01-17T12:12:04+00:00\",\"dateModified\":\"2025-08-22T14:51:34+00:00\",\"description\":\"Sommeil Un bon sommeil est l'un des piliers les plus importants d'un mode de vie sain. Un manque de sommeil prolong\u00e9 peut, \u00e0 long terme, augmenter le\",\"breadcrumb\":{\"@id\":\"https:\\\/\\\/www.foodie.nl\\\/fr\\\/besoins-de-sante\\\/sommeil\\\/#breadcrumb\"},\"inLanguage\":\"fr-FR\",\"potentialAction\":[{\"@type\":\"ReadAction\",\"target\":[\"https:\\\/\\\/www.foodie.nl\\\/fr\\\/besoins-de-sante\\\/sommeil\\\/\"]}]},{\"@type\":\"ImageObject\",\"inLanguage\":\"fr-FR\",\"@id\":\"https:\\\/\\\/www.foodie.nl\\\/fr\\\/besoins-de-sante\\\/sommeil\\\/#primaryimage\",\"url\":\"https:\\\/\\\/www.foodie.nl\\\/app\\\/uploads\\\/\\\/Beter-slapen-150x150.png\",\"contentUrl\":\"https:\\\/\\\/www.foodie.nl\\\/app\\\/uploads\\\/\\\/Beter-slapen-150x150.png\"},{\"@type\":\"BreadcrumbList\",\"@id\":\"https:\\\/\\\/www.foodie.nl\\\/fr\\\/besoins-de-sante\\\/sommeil\\\/#breadcrumb\",\"itemListElement\":[{\"@type\":\"ListItem\",\"position\":1,\"name\":\"Home\",\"item\":\"https:\\\/\\\/www.foodie.nl\\\/fr\\\/\"},{\"@type\":\"ListItem\",\"position\":2,\"name\":\"Nos conseils sant\u00e9\",\"item\":\"https:\\\/\\\/www.foodie.nl\\\/fr\\\/besoins-de-sante\\\/\"},{\"@type\":\"ListItem\",\"position\":3,\"name\":\"Sommeil\"}]},{\"@type\":\"WebSite\",\"@id\":\"https:\\\/\\\/www.foodie.nl\\\/fr\\\/#website\",\"url\":\"https:\\\/\\\/www.foodie.nl\\\/fr\\\/\",\"name\":\"Foodie\",\"description\":\"Elke Hap Telt\",\"publisher\":{\"@id\":\"https:\\\/\\\/www.foodie.nl\\\/fr\\\/#organization\"},\"potentialAction\":[{\"@type\":\"SearchAction\",\"target\":{\"@type\":\"EntryPoint\",\"urlTemplate\":\"https:\\\/\\\/www.foodie.nl\\\/fr\\\/?s={search_term_string}\"},\"query-input\":{\"@type\":\"PropertyValueSpecification\",\"valueRequired\":true,\"valueName\":\"search_term_string\"}}],\"inLanguage\":\"fr-FR\"},{\"@type\":\"Organization\",\"@id\":\"https:\\\/\\\/www.foodie.nl\\\/fr\\\/#organization\",\"name\":\"Foodie\",\"url\":\"https:\\\/\\\/www.foodie.nl\\\/fr\\\/\",\"logo\":{\"@type\":\"ImageObject\",\"inLanguage\":\"fr-FR\",\"@id\":\"https:\\\/\\\/www.foodie.nl\\\/fr\\\/#\\\/schema\\\/logo\\\/image\\\/\",\"url\":\"https:\\\/\\\/www.foodie.nl\\\/app\\\/uploads\\\/2025\\\/01\\\/logo-foodie-wide@2x.png\",\"contentUrl\":\"https:\\\/\\\/www.foodie.nl\\\/app\\\/uploads\\\/2025\\\/01\\\/logo-foodie-wide@2x.png\",\"width\":236,\"height\":128,\"caption\":\"Foodie\"},\"image\":{\"@id\":\"https:\\\/\\\/www.foodie.nl\\\/fr\\\/#\\\/schema\\\/logo\\\/image\\\/\"}}]}<\/script>\n<!-- \/ Yoast SEO plugin. -->","yoast_head_json":{"title":"Sommeil - Foodie","description":"Sommeil Un bon sommeil est l'un des piliers les plus importants d'un mode de vie sain. Un manque de sommeil prolong\u00e9 peut, \u00e0 long terme, augmenter le","robots":{"index":"index","follow":"follow","max-snippet":"max-snippet:-1","max-image-preview":"max-image-preview:large","max-video-preview":"max-video-preview:-1"},"canonical":"https:\/\/www.foodie.nl\/fr\/besoins-de-sante\/sommeil\/","og_locale":"fr_FR","og_type":"article","og_title":"Sommeil - Foodie","og_description":"Sommeil Un bon sommeil est l'un des piliers les plus importants d'un mode de vie sain. Un manque de sommeil prolong\u00e9 peut, \u00e0 long terme, augmenter le","og_url":"https:\/\/www.foodie.nl\/fr\/besoins-de-sante\/sommeil\/","og_site_name":"Foodie","article_modified_time":"2025-08-22T14:51:34+00:00","og_image":[{"url":"https:\/\/www.foodie.nl\/app\/uploads\/\/Beter-slapen-150x150.png","type":"","width":"","height":""}],"twitter_card":"summary_large_image","twitter_misc":{"Dur\u00e9e de lecture estim\u00e9e":"2 minutes"},"schema":{"@context":"https:\/\/schema.org","@graph":[{"@type":"WebPage","@id":"https:\/\/www.foodie.nl\/fr\/besoins-de-sante\/sommeil\/","url":"https:\/\/www.foodie.nl\/fr\/besoins-de-sante\/sommeil\/","name":"Sommeil - Foodie","isPartOf":{"@id":"https:\/\/www.foodie.nl\/fr\/#website"},"primaryImageOfPage":{"@id":"https:\/\/www.foodie.nl\/fr\/besoins-de-sante\/sommeil\/#primaryimage"},"image":{"@id":"https:\/\/www.foodie.nl\/fr\/besoins-de-sante\/sommeil\/#primaryimage"},"thumbnailUrl":"https:\/\/www.foodie.nl\/app\/uploads\/\/Beter-slapen-150x150.png","datePublished":"2023-01-17T12:12:04+00:00","dateModified":"2025-08-22T14:51:34+00:00","description":"Sommeil Un bon sommeil est l'un des piliers les plus importants d'un mode de vie sain. Un manque de sommeil prolong\u00e9 peut, \u00e0 long terme, augmenter le","breadcrumb":{"@id":"https:\/\/www.foodie.nl\/fr\/besoins-de-sante\/sommeil\/#breadcrumb"},"inLanguage":"fr-FR","potentialAction":[{"@type":"ReadAction","target":["https:\/\/www.foodie.nl\/fr\/besoins-de-sante\/sommeil\/"]}]},{"@type":"ImageObject","inLanguage":"fr-FR","@id":"https:\/\/www.foodie.nl\/fr\/besoins-de-sante\/sommeil\/#primaryimage","url":"https:\/\/www.foodie.nl\/app\/uploads\/\/Beter-slapen-150x150.png","contentUrl":"https:\/\/www.foodie.nl\/app\/uploads\/\/Beter-slapen-150x150.png"},{"@type":"BreadcrumbList","@id":"https:\/\/www.foodie.nl\/fr\/besoins-de-sante\/sommeil\/#breadcrumb","itemListElement":[{"@type":"ListItem","position":1,"name":"Home","item":"https:\/\/www.foodie.nl\/fr\/"},{"@type":"ListItem","position":2,"name":"Nos conseils sant\u00e9","item":"https:\/\/www.foodie.nl\/fr\/besoins-de-sante\/"},{"@type":"ListItem","position":3,"name":"Sommeil"}]},{"@type":"WebSite","@id":"https:\/\/www.foodie.nl\/fr\/#website","url":"https:\/\/www.foodie.nl\/fr\/","name":"Foodie","description":"Elke Hap Telt","publisher":{"@id":"https:\/\/www.foodie.nl\/fr\/#organization"},"potentialAction":[{"@type":"SearchAction","target":{"@type":"EntryPoint","urlTemplate":"https:\/\/www.foodie.nl\/fr\/?s={search_term_string}"},"query-input":{"@type":"PropertyValueSpecification","valueRequired":true,"valueName":"search_term_string"}}],"inLanguage":"fr-FR"},{"@type":"Organization","@id":"https:\/\/www.foodie.nl\/fr\/#organization","name":"Foodie","url":"https:\/\/www.foodie.nl\/fr\/","logo":{"@type":"ImageObject","inLanguage":"fr-FR","@id":"https:\/\/www.foodie.nl\/fr\/#\/schema\/logo\/image\/","url":"https:\/\/www.foodie.nl\/app\/uploads\/2025\/01\/logo-foodie-wide@2x.png","contentUrl":"https:\/\/www.foodie.nl\/app\/uploads\/2025\/01\/logo-foodie-wide@2x.png","width":236,"height":128,"caption":"Foodie"},"image":{"@id":"https:\/\/www.foodie.nl\/fr\/#\/schema\/logo\/image\/"}}]}},"_links":{"self":[{"href":"https:\/\/www.foodie.nl\/fr\/wp-json\/wp\/v2\/pages\/1130285","targetHints":{"allow":["GET"]}}],"collection":[{"href":"https:\/\/www.foodie.nl\/fr\/wp-json\/wp\/v2\/pages"}],"about":[{"href":"https:\/\/www.foodie.nl\/fr\/wp-json\/wp\/v2\/types\/page"}],"author":[{"embeddable":true,"href":"https:\/\/www.foodie.nl\/fr\/wp-json\/wp\/v2\/users\/8822"}],"replies":[{"embeddable":true,"href":"https:\/\/www.foodie.nl\/fr\/wp-json\/wp\/v2\/comments?post=1130285"}],"version-history":[{"count":9,"href":"https:\/\/www.foodie.nl\/fr\/wp-json\/wp\/v2\/pages\/1130285\/revisions"}],"predecessor-version":[{"id":1170357,"href":"https:\/\/www.foodie.nl\/fr\/wp-json\/wp\/v2\/pages\/1130285\/revisions\/1170357"}],"up":[{"embeddable":true,"href":"https:\/\/www.foodie.nl\/fr\/wp-json\/wp\/v2\/pages\/1135537"}],"wp:attachment":[{"href":"https:\/\/www.foodie.nl\/fr\/wp-json\/wp\/v2\/media?parent=1130285"}],"curies":[{"name":"wp","href":"https:\/\/api.w.org\/{rel}","templated":true}]}}